{"id":459,"date":"2020-09-22T07:57:48","date_gmt":"2020-09-22T07:57:48","guid":{"rendered":"https:\/\/psyvr.santeformapro.com\/?page_id=459"},"modified":"2020-10-05T09:16:31","modified_gmt":"2020-10-05T09:16:31","slug":"mentions-legales","status":"publish","type":"page","link":"https:\/\/psyvr.fr\/index.php\/mentions-legales\/","title":{"rendered":"Mentions l\u00e9gales"},"content":{"rendered":"\t\t<div data-elementor-type=\"wp-page\" data-elementor-id=\"459\" class=\"elementor elementor-459\" data-elementor-settings=\"[]\">\n\t\t\t\t\t\t<div class=\"elementor-inner\">\n\t\t\t\t\t\t\t<div class=\"elementor-section-wrap\">\n\t\t\t\t\t\t\t<section class=\"elementor-section elementor-top-section elementor-element elementor-element-1137ac84 elementor-section-content-middle elementor-section-height-min-height elementor-section-boxed elementor-section-height-default elementor-section-items-middle\" data-id=\"1137ac84\" data-element_type=\"section\" data-settings=\"{&quot;background_background&quot;:&quot;classic&quot;}\">\n\t\t\t\t\t\t\t<div class=\"elementor-background-overlay\"><\/div>\n\t\t\t\t\t\t\t<div class=\"elementor-container elementor-column-gap-no\">\n\t\t\t\t\t\t\t<div class=\"elementor-row\">\n\t\t\t\t\t<div class=\"elementor-column elementor-col-100 elementor-top-column elementor-element elementor-element-252ed1d6\" data-id=\"252ed1d6\" data-element_type=\"column\">\n\t\t\t<div class=\"elementor-column-wrap elementor-element-populated\">\n\t\t\t\t\t\t\t<div class=\"elementor-widget-wrap\">\n\t\t\t\t\t\t<div class=\"elementor-element elementor-element-cc823d2 elementor-widget elementor-widget-spacer\" data-id=\"cc823d2\" data-element_type=\"widget\" data-widget_type=\"spacer.default\">\n\t\t\t\t<div class=\"elementor-widget-container\">\n\t\t\t\t\t<div class=\"elementor-spacer\">\n\t\t\t<div class=\"elementor-spacer-inner\"><\/div>\n\t\t<\/div>\n\t\t\t\t<\/div>\n\t\t\t\t<\/div>\n\t\t\t\t<div class=\"elementor-element elementor-element-604e293 elementor-widget elementor-widget-heading\" data-id=\"604e293\" data-element_type=\"widget\" data-widget_type=\"heading.default\">\n\t\t\t\t<div class=\"elementor-widget-container\">\n\t\t\t<h1 class=\"elementor-heading-title elementor-size-default\">Mentions l\u00e9gales et politique de protection des donn\u00e9es<\/h1>\t\t<\/div>\n\t\t\t\t<\/div>\n\t\t\t\t<div class=\"elementor-element elementor-element-f51d44a elementor-widget elementor-widget-spacer\" data-id=\"f51d44a\" data-element_type=\"widget\" data-widget_type=\"spacer.default\">\n\t\t\t\t<div class=\"elementor-widget-container\">\n\t\t\t\t\t<div class=\"elementor-spacer\">\n\t\t\t<div class=\"elementor-spacer-inner\"><\/div>\n\t\t<\/div>\n\t\t\t\t<\/div>\n\t\t\t\t<\/div>\n\t\t\t\t\t\t<\/div>\n\t\t\t\t\t<\/div>\n\t\t<\/div>\n\t\t\t\t\t\t\t\t<\/div>\n\t\t\t\t\t<\/div>\n\t\t<\/section>\n\t\t\t\t<section class=\"elementor-section elementor-top-section elementor-element elementor-element-13d7a1d elementor-section-boxed elementor-section-height-default elementor-section-height-default\" data-id=\"13d7a1d\" data-element_type=\"section\">\n\t\t\t\t\t\t<div class=\"elementor-container elementor-column-gap-default\">\n\t\t\t\t\t\t\t<div class=\"elementor-row\">\n\t\t\t\t\t<div class=\"elementor-column elementor-col-100 elementor-top-column elementor-element elementor-element-f1f2454\" data-id=\"f1f2454\" data-element_type=\"column\">\n\t\t\t<div class=\"elementor-column-wrap elementor-element-populated\">\n\t\t\t\t\t\t\t<div class=\"elementor-widget-wrap\">\n\t\t\t\t\t\t<div class=\"elementor-element elementor-element-579d0a4 elementor-widget elementor-widget-spacer\" data-id=\"579d0a4\" data-element_type=\"widget\" data-widget_type=\"spacer.default\">\n\t\t\t\t<div class=\"elementor-widget-container\">\n\t\t\t\t\t<div class=\"elementor-spacer\">\n\t\t\t<div class=\"elementor-spacer-inner\"><\/div>\n\t\t<\/div>\n\t\t\t\t<\/div>\n\t\t\t\t<\/div>\n\t\t\t\t<div class=\"elementor-element elementor-element-93917f5 elementor-widget elementor-widget-heading\" data-id=\"93917f5\" data-element_type=\"widget\" data-widget_type=\"heading.default\">\n\t\t\t\t<div class=\"elementor-widget-container\">\n\t\t\t<h2 class=\"elementor-heading-title elementor-size-default\">Identit\u00e9 et coordonn\u00e9es de la structure<\/h2>\t\t<\/div>\n\t\t\t\t<\/div>\n\t\t\t\t<div class=\"elementor-element elementor-element-fd71ff3 elementor-widget elementor-widget-text-editor\" data-id=\"fd71ff3\" data-element_type=\"widget\" data-widget_type=\"text-editor.default\">\n\t\t\t\t<div class=\"elementor-widget-container\">\n\t\t\t\t\t\t\t\t<div class=\"elementor-text-editor elementor-clearfix\">\n\t\t\t\t<p>Ce site web est une propri\u00e9t\u00e9 de la soci\u00e9t\u00e9 Sant\u00e9 Formapro.<\/p><p><strong>Coordonn\u00e9es :<\/strong><br \/>Sant\u00e9 Formapro<br \/>1140, rue Andr\u00e9 Amp\u00e8re<br \/>13290 Aix-en-Provence<br \/>04 88 14 90 11<br \/>contact@santeformapro.com<\/p>\t\t\t\t\t<\/div>\n\t\t\t\t\t\t<\/div>\n\t\t\t\t<\/div>\n\t\t\t\t<div class=\"elementor-element elementor-element-f6eba25 elementor-widget elementor-widget-heading\" data-id=\"f6eba25\" data-element_type=\"widget\" data-widget_type=\"heading.default\">\n\t\t\t\t<div class=\"elementor-widget-container\">\n\t\t\t<h2 class=\"elementor-heading-title elementor-size-default\">Charte \u00e9ditoriale<\/h2>\t\t<\/div>\n\t\t\t\t<\/div>\n\t\t\t\t<div class=\"elementor-element elementor-element-2182d11 elementor-widget elementor-widget-text-editor\" data-id=\"2182d11\" data-element_type=\"widget\" data-widget_type=\"text-editor.default\">\n\t\t\t\t<div class=\"elementor-widget-container\">\n\t\t\t\t\t\t\t\t<div class=\"elementor-text-editor elementor-clearfix\">\n\t\t\t\t<p>Le site PSYVR.COM est un site de pr\u00e9sentation d&rsquo;un produit \u00e9dit\u00e9 par la soci\u00e9t\u00e9 Sant\u00e9 Formapro.<\/p><p>Les informations fournies dans ce site ne sont donn\u00e9es qu\u2019\u00e0 titre indicatif.<\/p>\t\t\t\t\t<\/div>\n\t\t\t\t\t\t<\/div>\n\t\t\t\t<\/div>\n\t\t\t\t<div class=\"elementor-element elementor-element-27f6aa0 elementor-widget elementor-widget-heading\" data-id=\"27f6aa0\" data-element_type=\"widget\" data-widget_type=\"heading.default\">\n\t\t\t\t<div class=\"elementor-widget-container\">\n\t\t\t<h2 class=\"elementor-heading-title elementor-size-default\">Propri\u00e9t\u00e9 intellectuelle et droits d'auteur<\/h2>\t\t<\/div>\n\t\t\t\t<\/div>\n\t\t\t\t<div class=\"elementor-element elementor-element-71a0b97 elementor-widget elementor-widget-text-editor\" data-id=\"71a0b97\" data-element_type=\"widget\" data-widget_type=\"text-editor.default\">\n\t\t\t\t<div class=\"elementor-widget-container\">\n\t\t\t\t\t\t\t\t<div class=\"elementor-text-editor elementor-clearfix\">\n\t\t\t\t<p>Aucune exploitation commerciale m\u00eame partielle des donn\u00e9es qui y sont pr\u00e9sent\u00e9es ne pourra \u00eatre effectu\u00e9e sans l\u2019accord pr\u00e9alable et \u00e9crit de SANTE FORMAPRO.<\/p><p>Le nom, les images et les logos du produit sont la propri\u00e9t\u00e9 de SANTE FORMAPRO. Toute reproduction, utilisation et\/ou modification qui en serait faite sans l\u2019accord pr\u00e9alable et \u00e9crit de SANTE FORMAPRO est susceptible d\u2019en constituer la contrefa\u00e7on. Elle n\u2019engagera par ailleurs d\u2019aucune mani\u00e8re la responsabilit\u00e9 de SANTE FORMAPRO.<\/p><p>Les photographies, images, textes et autres documentations repr\u00e9sent\u00e9es sur le pr\u00e9sent site Internet sont objet de droits de propri\u00e9t\u00e9 industrielle et\/ou intellectuelle, propri\u00e9t\u00e9s de SANTE FORMAPRO. A ce titre, toute reproduction, repr\u00e9sentation, adaptation, traduction, et\/ou transformation, partielle ou int\u00e9grale, ou transfert sur un autre site sont interdits.<\/p><p>Toute exploitation non autoris\u00e9e du site ou de l\u2019un quelconque des \u00e9l\u00e9ments qu\u2019il contient sera consid\u00e9r\u00e9e comme constitutive d\u2019une contrefa\u00e7on et poursuivie conform\u00e9ment aux dispositions des articles L.335-2 et suivants du Code de Propri\u00e9t\u00e9 Intellectuelle.<\/p><p>Les renseignements et pr\u00e9sentations contenus dans les pages de ce site sont fournis \u00e0 titre purement indicatif et restent susceptibles de modifications \u00e0 tout moment et sans pr\u00e9avis.<\/p><p>En cons\u00e9quence SANTE FORMAPRO d\u00e9cline toute responsabilit\u00e9 :<\/p><ul><li>pour toute impr\u00e9cision, inexactitude ou omission portant sur des informations disponibles sur ce site,<\/li><li>pour tous dommages, directs et\/ou indirects, qu\u2019elles qu\u2019en soient les causes, origines, natures ou cons\u00e9quences, provoqu\u00e9es \u00e0 raison de l\u2019acc\u00e8s de quiconque au site ou de l\u2019impossibilit\u00e9 d\u2019y acc\u00e9der, de m\u00eame que l\u2019utilisation du site et\/ou du cr\u00e9dit accord\u00e9 \u00e0 une quelconque information provenant directement ou indirectement du site,<\/li><li>pour tout usage qui pourra \u00eatre fait de ces diff\u00e9rentes informations.<\/li><\/ul>\t\t\t\t\t<\/div>\n\t\t\t\t\t\t<\/div>\n\t\t\t\t<\/div>\n\t\t\t\t<div class=\"elementor-element elementor-element-f17710c elementor-widget elementor-widget-heading\" data-id=\"f17710c\" data-element_type=\"widget\" data-widget_type=\"heading.default\">\n\t\t\t\t<div class=\"elementor-widget-container\">\n\t\t\t<h2 class=\"elementor-heading-title elementor-size-default\">Litiges<\/h2>\t\t<\/div>\n\t\t\t\t<\/div>\n\t\t\t\t<div class=\"elementor-element elementor-element-7321ab1 elementor-widget elementor-widget-text-editor\" data-id=\"7321ab1\" data-element_type=\"widget\" data-widget_type=\"text-editor.default\">\n\t\t\t\t<div class=\"elementor-widget-container\">\n\t\t\t\t\t\t\t\t<div class=\"elementor-text-editor elementor-clearfix\">\n\t\t\t\tEn cas de litige, les parties s\u2019engagent \u00e0 rechercher en priorit\u00e9 un r\u00e8glement amiable. A d\u00e9faut, le litige sera port\u00e9 devant la juridiction comp\u00e9tente du lieu du si\u00e8ge social de SANTE FORMAPRO.\t\t\t\t\t<\/div>\n\t\t\t\t\t\t<\/div>\n\t\t\t\t<\/div>\n\t\t\t\t<div class=\"elementor-element elementor-element-68da0c0 elementor-widget elementor-widget-heading\" data-id=\"68da0c0\" data-element_type=\"widget\" data-widget_type=\"heading.default\">\n\t\t\t\t<div class=\"elementor-widget-container\">\n\t\t\t<h2 class=\"elementor-heading-title elementor-size-default\">Protection des donn\u00e9es<\/h2>\t\t<\/div>\n\t\t\t\t<\/div>\n\t\t\t\t<div class=\"elementor-element elementor-element-afb9b81 elementor-widget elementor-widget-text-editor\" data-id=\"afb9b81\" data-element_type=\"widget\" data-widget_type=\"text-editor.default\">\n\t\t\t\t<div class=\"elementor-widget-container\">\n\t\t\t\t\t\t\t\t<div class=\"elementor-text-editor elementor-clearfix\">\n\t\t\t\t<p>PSYVR.COM collecte vos donn\u00e9es personnelles \u00e0 des fins pr\u00e9d\u00e9termin\u00e9es et l\u00e9gitimes.\u00a0<\/p><p>SANTE FORMAPRO, responsable des traitements de donn\u00e9es personnelles op\u00e9r\u00e9s sur ses sites, recueille des informations vous concernant lors de la cr\u00e9ation de votre Compte Client (ou compte Utilisateur) ou lors de vos achats. Le caract\u00e8re obligatoire ou facultatif des donn\u00e9es est pr\u00e9cis\u00e9 sur les formulaires de collecte d\u2019information.<\/p><p>Les donn\u00e9es personnelles collect\u00e9es peuvent nous permettre d\u2019effectuer les op\u00e9rations relatives \u00e0 :<\/p><ul><li>la gestion des clients ;<\/li><li>le suivi technique de nos produits, les mises \u00e0 jour;<\/li><li>la prospection commerciale;<\/li><li>l\u2019\u00e9laboration de statistiques commerciales ;<\/li><li>la gestion des demandes de droit d\u2019acc\u00e8s, de rectification et d\u2019opposition ;<\/li><li>la gestion des impay\u00e9s et du contentieux ;<\/li><li>la gestion d\u2019op\u00e9rations promotionnelles ;<\/li><li>la gestion des avis.<\/li><\/ul><p>Ces donn\u00e9es peuvent \u00eatre utilis\u00e9es pour l\u2019envoi d\u2019informations et offres promotionnelles de la part de SANTE FORMAPRO ou de l\u2019une de ses filiales du groupe SFP EXPANSION, dont vous pouvez vous d\u00e9sinscrire \u00e0 tout moment en adressant un courriel \u00e0 l\u2019adresse contact@santeformapro.com<\/p>\t\t\t\t\t<\/div>\n\t\t\t\t\t\t<\/div>\n\t\t\t\t<\/div>\n\t\t\t\t<div class=\"elementor-element elementor-element-15015df elementor-widget elementor-widget-heading\" data-id=\"15015df\" data-element_type=\"widget\" data-widget_type=\"heading.default\">\n\t\t\t\t<div class=\"elementor-widget-container\">\n\t\t\t<h2 class=\"elementor-heading-title elementor-size-default\">SANTE FORMAPRO ne partage vos donn\u00e9es personnelles qu\u2019aux entit\u00e9s suivantes<\/h2>\t\t<\/div>\n\t\t\t\t<\/div>\n\t\t\t\t<div class=\"elementor-element elementor-element-4faed34 elementor-widget elementor-widget-text-editor\" data-id=\"4faed34\" data-element_type=\"widget\" data-widget_type=\"text-editor.default\">\n\t\t\t\t<div class=\"elementor-widget-container\">\n\t\t\t\t\t\t\t\t<div class=\"elementor-text-editor elementor-clearfix\">\n\t\t\t\t<p>Afin d\u2019accomplir les finalit\u00e9s pr\u00e9cit\u00e9es, nous divulguons vos donn\u00e9es personnelles uniquement aux :<\/p><ul><li>Prestataires de services et sous-traitants r\u00e9alisant des prestations pour notre compte ; Ils sont rigoureusement s\u00e9lectionn\u00e9s et agissent conform\u00e9ment \u00e0 nos instructions ;<\/li><li>Autorit\u00e9s financi\u00e8res, judiciaires ou agences d\u2019\u00c9tat, organismes publics sur demande et dans la limite de ce qui est permis par la r\u00e9glementation ;<\/li><li>Certaines professions r\u00e9glement\u00e9es telles qu\u2019avocats, notaires, commissaires aux comptes.<\/li><\/ul><p>En aucun cas SANTE FORMAPRO ne vendra ou partagera les donn\u00e9es \u00e0 des partenaires commerciaux tiers.<\/p>\t\t\t\t\t<\/div>\n\t\t\t\t\t\t<\/div>\n\t\t\t\t<\/div>\n\t\t\t\t<div class=\"elementor-element elementor-element-192c2cc elementor-widget elementor-widget-heading\" data-id=\"192c2cc\" data-element_type=\"widget\" data-widget_type=\"heading.default\">\n\t\t\t\t<div class=\"elementor-widget-container\">\n\t\t\t<h2 class=\"elementor-heading-title elementor-size-default\">SANTE FORMAPRO conserve vos donn\u00e9es personnelles pour une dur\u00e9e limit\u00e9e et pr\u00e9d\u00e9finie<\/h2>\t\t<\/div>\n\t\t\t\t<\/div>\n\t\t\t\t<div class=\"elementor-element elementor-element-3b3a97b elementor-widget elementor-widget-text-editor\" data-id=\"3b3a97b\" data-element_type=\"widget\" data-widget_type=\"text-editor.default\">\n\t\t\t\t<div class=\"elementor-widget-container\">\n\t\t\t\t\t\t\t\t<div class=\"elementor-text-editor elementor-clearfix\">\n\t\t\t\t<p>Si vous \u00eates client, vos donn\u00e9es seront conserv\u00e9es le temps n\u00e9cessaire \u00e0 la gestion commerciale. Si vous \u00eates prospect, nous supprimons vos donn\u00e9es au maximum au bout de 5 ans \u00e0 compter du dernier contact.<\/p>\t\t\t\t\t<\/div>\n\t\t\t\t\t\t<\/div>\n\t\t\t\t<\/div>\n\t\t\t\t<div class=\"elementor-element elementor-element-a9172bb elementor-widget elementor-widget-heading\" data-id=\"a9172bb\" data-element_type=\"widget\" data-widget_type=\"heading.default\">\n\t\t\t\t<div class=\"elementor-widget-container\">\n\t\t\t<h2 class=\"elementor-heading-title elementor-size-default\">Vous disposez de droits sur vos donn\u00e9es personnelles, voici comment les utiliser :<\/h2>\t\t<\/div>\n\t\t\t\t<\/div>\n\t\t\t\t<div class=\"elementor-element elementor-element-1763c51 elementor-widget elementor-widget-text-editor\" data-id=\"1763c51\" data-element_type=\"widget\" data-widget_type=\"text-editor.default\">\n\t\t\t\t<div class=\"elementor-widget-container\">\n\t\t\t\t\t\t\t\t<div class=\"elementor-text-editor elementor-clearfix\">\n\t\t\t\t<p>Conform\u00e9ment aux dispositions de la Loi Informatique et Libert\u00e9s du 6 janvier 1978 modifi\u00e9e et \u00e0 celles du R\u00e8glement G\u00e9n\u00e9ral sur la Protection des Donn\u00e9es, vous b\u00e9n\u00e9ficiez d\u2019un droit d\u2019acc\u00e8s, de rectification, de portabilit\u00e9 et d\u2019effacement de vos donn\u00e9es personnelles.<\/p><p>Vous pouvez \u00e9galement demander la limitation du traitement de donn\u00e9es vous concernant. Vous pouvez exercer vos droits en nous contactant :<\/p><p>par mail \u00e0 l\u2019adresse d\u00e9di\u00e9e : contact@santeformapro.com<br \/>par courrier \u00e0 destination du si\u00e8ge social du Groupe \u00e0 l\u2019adresse ci-dessous :<\/p><p>SANTE FORMAPRO<br \/>B\u00e2timent ACTICENTRE<br \/>ACTIMART II<br \/>1140, rue Andr\u00e9 Amp\u00e8re<br \/>13290 Aix-en-Provence CEDEX 3<\/p>\t\t\t\t\t<\/div>\n\t\t\t\t\t\t<\/div>\n\t\t\t\t<\/div>\n\t\t\t\t\t\t<\/div>\n\t\t\t\t\t<\/div>\n\t\t<\/div>\n\t\t\t\t\t\t\t\t<\/div>\n\t\t\t\t\t<\/div>\n\t\t<\/section>\n\t\t\t\t\t\t<\/div>\n\t\t\t\t\t\t<\/div>\n\t\t\t\t\t<\/div>\n\t\t","protected":false},"excerpt":{"rendered":"<p>Mentions l\u00e9gales et politique de protection des donn\u00e9es Identit\u00e9 et coordonn\u00e9es de la structure Ce site web est une propri\u00e9t\u00e9 de la soci\u00e9t\u00e9 Sant\u00e9 Formapro. Coordonn\u00e9es : Sant\u00e9 Formapro 1140, rue Andr\u00e9 Amp\u00e8re 13290 Aix-en-Provence 04 88 14 90 11 contact@santeformapro.com Charte \u00e9ditoriale Le site PSYVR.COM est un site de pr\u00e9sentation d&rsquo;un produit \u00e9dit\u00e9 par [&hellip;]<\/p>\n","protected":false},"author":1,"featured_media":0,"parent":0,"menu_order":0,"comment_status":"closed","ping_status":"closed","template":"elementor_header_footer","meta":[],"yoast_head":"<!-- This site is optimized with the Yoast SEO plugin v15.0 - https:\/\/yoast.com\/wordpress\/plugins\/seo\/ -->\n<title>Mentions l\u00e9gales - PsyVR<\/title>\n<meta name=\"robots\" content=\"index, follow, max-snippet:-1, max-image-preview:large, max-video-preview:-1\" \/>\n<link rel=\"canonical\" href=\"https:\/\/psyvr.fr\/index.php\/mentions-legales\/\" \/>\n<meta property=\"og:locale\" content=\"fr_FR\" \/>\n<meta property=\"og:type\" content=\"article\" \/>\n<meta property=\"og:title\" content=\"Mentions l\u00e9gales - PsyVR\" \/>\n<meta property=\"og:description\" content=\"Mentions l\u00e9gales et politique de protection des donn\u00e9es Identit\u00e9 et coordonn\u00e9es de la structure Ce site web est une propri\u00e9t\u00e9 de la soci\u00e9t\u00e9 Sant\u00e9 Formapro. Coordonn\u00e9es : Sant\u00e9 Formapro 1140, rue Andr\u00e9 Amp\u00e8re 13290 Aix-en-Provence 04 88 14 90 11 contact@santeformapro.com Charte \u00e9ditoriale Le site PSYVR.COM est un site de pr\u00e9sentation d&rsquo;un produit \u00e9dit\u00e9 par [&hellip;]\" \/>\n<meta property=\"og:url\" content=\"https:\/\/psyvr.fr\/index.php\/mentions-legales\/\" \/>\n<meta property=\"og:site_name\" content=\"PsyVR\" \/>\n<meta property=\"article:modified_time\" content=\"2020-10-05T09:16:31+00:00\" \/>\n<meta name=\"twitter:card\" content=\"summary_large_image\" \/>\n<script type=\"application\/ld+json\" class=\"yoast-schema-graph\">{\"@context\":\"https:\/\/schema.org\",\"@graph\":[{\"@type\":\"WebSite\",\"@id\":\"https:\/\/psyvr.fr\/#website\",\"url\":\"https:\/\/psyvr.fr\/\",\"name\":\"PsyVR\",\"description\":\"Simulation VR pour la formation du personnel soignant en psychiatrie.\",\"potentialAction\":[{\"@type\":\"SearchAction\",\"target\":\"https:\/\/psyvr.fr\/?s={search_term_string}\",\"query-input\":\"required name=search_term_string\"}],\"inLanguage\":\"fr-FR\"},{\"@type\":\"WebPage\",\"@id\":\"https:\/\/psyvr.fr\/index.php\/mentions-legales\/#webpage\",\"url\":\"https:\/\/psyvr.fr\/index.php\/mentions-legales\/\",\"name\":\"Mentions l\\u00e9gales - PsyVR\",\"isPartOf\":{\"@id\":\"https:\/\/psyvr.fr\/#website\"},\"datePublished\":\"2020-09-22T07:57:48+00:00\",\"dateModified\":\"2020-10-05T09:16:31+00:00\",\"inLanguage\":\"fr-FR\",\"potentialAction\":[{\"@type\":\"ReadAction\",\"target\":[\"https:\/\/psyvr.fr\/index.php\/mentions-legales\/\"]}]}]}<\/script>\n<!-- \/ Yoast SEO plugin. -->","_links":{"self":[{"href":"https:\/\/psyvr.fr\/index.php\/wp-json\/wp\/v2\/pages\/459"}],"collection":[{"href":"https:\/\/psyvr.fr\/index.php\/wp-json\/wp\/v2\/pages"}],"about":[{"href":"https:\/\/psyvr.fr\/index.php\/wp-json\/wp\/v2\/types\/page"}],"author":[{"embeddable":true,"href":"https:\/\/psyvr.fr\/index.php\/wp-json\/wp\/v2\/users\/1"}],"replies":[{"embeddable":true,"href":"https:\/\/psyvr.fr\/index.php\/wp-json\/wp\/v2\/comments?post=459"}],"version-history":[{"count":6,"href":"https:\/\/psyvr.fr\/index.php\/wp-json\/wp\/v2\/pages\/459\/revisions"}],"predecessor-version":[{"id":891,"href":"https:\/\/psyvr.fr\/index.php\/wp-json\/wp\/v2\/pages\/459\/revisions\/891"}],"wp:attachment":[{"href":"https:\/\/psyvr.fr\/index.php\/wp-json\/wp\/v2\/media?parent=459"}],"curies":[{"name":"wp","href":"https:\/\/api.w.org\/{rel}","templated":true}]}}